{"id":1112,"date":"2023-11-17T20:35:03","date_gmt":"2023-11-17T19:35:03","guid":{"rendered":"https:\/\/marnaud-avocat.fr\/?page_id=1112"},"modified":"2023-12-01T19:53:00","modified_gmt":"2023-12-01T18:53:00","slug":"mentions-legales","status":"publish","type":"page","link":"https:\/\/marnaud-avocat.fr\/index.php\/mentions-legales\/","title":{"rendered":"Mentions L\u00e9gales"},"content":{"rendered":"\t\t<div data-elementor-type=\"wp-page\" data-elementor-id=\"1112\" class=\"elementor elementor-1112\">\n\t\t\t\t\t\t\t<div class=\"elementor-element elementor-element-febe38a e-flex e-con-boxed e-con e-parent\" data-id=\"febe38a\" data-element_type=\"container\" data-settings=\"{&quot;content_width&quot;:&quot;boxed&quot;}\" data-core-v316-plus=\"true\">\n\t\t\t\t\t<div class=\"e-con-inner\">\n\t\t\t\t<div class=\"elementor-element elementor-element-ef3d064 elementor-widget elementor-widget-text-editor\" data-id=\"ef3d064\" data-element_type=\"widget\" data-widget_type=\"text-editor.default\">\n\t\t\t\t<div class=\"elementor-widget-container\">\n\t\t\t<style>\/*! elementor - v3.17.0 - 08-11-2023 *\/\n.elementor-widget-text-editor.elementor-drop-cap-view-stacked .elementor-drop-cap{background-color:#69727d;color:#fff}.elementor-widget-text-editor.elementor-drop-cap-view-framed .elementor-drop-cap{color:#69727d;border:3px solid;background-color:transparent}.elementor-widget-text-editor:not(.elementor-drop-cap-view-default) .elementor-drop-cap{margin-top:8px}.elementor-widget-text-editor:not(.elementor-drop-cap-view-default) .elementor-drop-cap-letter{width:1em;height:1em}.elementor-widget-text-editor .elementor-drop-cap{float:left;text-align:center;line-height:1;font-size:50px}.elementor-widget-text-editor .elementor-drop-cap-letter{display:inline-block}<\/style>\t\t\t\t<h1 style=\"text-align: center;\" align=\"center\"><span style=\"text-transform: uppercase;\">Mentions l\u00e9gales<\/span><\/h1><p style=\"text-align: center;\" align=\"center\">En vigueur au 01\/12\/2023<\/p><p>Conform\u00e9ment aux dispositions des Articles 6-III et 19 de la Loi n\u00b02004-575 du 21 juin 2004 pour la Confiance dans l\u2019\u00e9conomie num\u00e9rique, dite L.C.E.N., il est port\u00e9 \u00e0 la connaissance des utilisateurs et visiteurs, ci-apr\u00e8s l&rsquo; \u00ab\u00a0<b>Utilisateur\u00a0\u00bb<\/b>, du site https:\/\/marnaud-avocat.fr , ci-apr\u00e8s le \u00ab\u00a0<b>Site\u00a0\u00bb<\/b>, les pr\u00e9sentes mentions l\u00e9gales.<\/p><p>La connexion et la navigation sur le Site par l\u2019Utilisateur implique acceptation int\u00e9grale et sans r\u00e9serve des pr\u00e9sentes mentions l\u00e9gales. Ces derni\u00e8res sont accessibles sur le Site \u00e0 la rubrique \u00ab <b>Mentions l\u00e9gales<\/b> \u00bb.<\/p><h2><span style=\"text-transform: uppercase;\">ARTICLE 1 &#8211; L&rsquo;EDITEUR<\/span><\/h2><p><span style=\"text-decoration: underline;\"><strong>Propri\u00e9taire<\/strong> <\/span>: \u00a0Manon Arnaud<br \/><span style=\"text-decoration: underline;\"><strong>Adresse<\/strong> <\/span>: 30 Boulevard de Strasbourg &#8211; 34000 MONTPELLIER<br \/><span style=\"text-decoration: underline;\"><strong>Profession<\/strong> <\/span>: Avocate au barreau de Montpellier<br \/><span style=\"text-decoration: underline;\"><strong>SIREN<\/strong> <\/span>: 832890149<br \/><span style=\"text-decoration: underline;\"><strong>Num\u00e9ro de TVA intracommunautaire<\/strong><\/span> : FR 26832890149<br \/><span style=\"text-decoration: underline;\"><strong>Immatriculation au RCS<\/strong><\/span> : (non soumis au RCS).<br \/>\u2b2a<br \/><span style=\"text-decoration: underline;\"><strong>Responsable de la publication<\/strong><\/span> : Manon Arnaud\u00a0<br \/><span style=\"text-decoration: underline;\"><strong>Adresse e-mail<\/strong> <\/span>:m.arnaud.avocat<i class=\"fas fa-at\"><\/i> icloud.com\u00a0<br \/><span style=\"text-decoration: underline;\"><strong>T\u00e9l\u00e9phone<\/strong> <\/span>: 06.95.57.18.59<br \/>\u2b2a<br \/><span style=\"text-decoration: underline;\"><strong>Webmaster<\/strong> <\/span>: Franck Leprette &#8211; TheNuts<br \/>\u2b2a<br \/><span style=\"text-decoration: underline;\"><strong>D\u00e9l\u00e9gu\u00e9 \u00e0 la protection des donn\u00e9es<\/strong><\/span> : \u00a0Manon Arnaud<br \/><span style=\"text-decoration: underline;\"><strong>Adresse e-mail<\/strong><\/span> : m.arnaud.avocat<i class=\"fas fa-at\"><\/i> icloud.com<\/p><h2><span style=\"text-transform: uppercase;\">ARTICLE 2 &#8211; L&rsquo;HEBERGEUR<\/span><\/h2><p>L&rsquo;h\u00e9bergeur du Site est la soci\u00e9t\u00e9 OVH SAS, dont le si\u00e8ge social est situ\u00e9 au 2 rue Kellermann &#8211; 59100 Roubaix &#8211; France , avec le num\u00e9ro de t\u00e9l\u00e9phone : 0972101007<\/p><h2><span style=\"text-transform: uppercase;\">ARTICLE 3 &#8211; ACCES AU SITE<\/span><\/h2><p>Le Site est accessible en tout endroit, 7j\/7, 24h\/24 sauf cas de force majeure, interruption programm\u00e9e ou non et pouvant d\u00e9coulant d\u2019une n\u00e9cessit\u00e9 de maintenance. En cas de modification, interruption ou suspension du Site, l&rsquo;Editeur ne saurait \u00eatre tenu responsable.<\/p><h2><span style=\"text-transform: uppercase;\">ARTICLE 4 &#8211; COLLECTE DES DONNEES<\/span><\/h2><p>Le site est exempt\u00e9 de d\u00e9claration \u00e0 la Commission Nationale Informatique et Libert\u00e9s (CNIL) dans la mesure o\u00f9 il ne collecte aucune donn\u00e9e concernant les utilisateurs.<\/p><p>Toute utilisation, reproduction, diffusion, commercialisation, modification de toute ou partie du Site, sans autorisation de l\u2019Editeur est prohib\u00e9e et pourra entra\u00een\u00e9e des actions et poursuites judiciaires telles que notamment pr\u00e9vues par le Code de la propri\u00e9t\u00e9 intellectuelle et le Code civil.<\/p>\t\t\t\t\t\t<\/div>\n\t\t\t\t<\/div>\n\t\t\t\t\t<\/div>\n\t\t\t\t<\/div>\n\t\t\t\t\t\t\t<\/div>\n\t\t","protected":false},"excerpt":{"rendered":"<p>Mentions l\u00e9gales En vigueur au 01\/12\/2023 Conform\u00e9ment aux dispositions des Articles 6-III et 19 de la Loi n\u00b02004-575 du 21 juin 2004 pour la Confiance dans l\u2019\u00e9conomie num\u00e9rique, dite L.C.E.N., il est port\u00e9 \u00e0 la connaissance des utilisateurs et visiteurs, ci-apr\u00e8s l&rsquo; \u00ab\u00a0Utilisateur\u00a0\u00bb, du site , ci-apr\u00e8s le \u00ab\u00a0Site\u00a0\u00bb, les pr\u00e9sentes mentions l\u00e9gales. La connexion [&hellip;]<\/p>\n","protected":false},"author":2,"featured_media":0,"parent":0,"menu_order":0,"comment_status":"closed","ping_status":"closed","template":"","meta":{"footnotes":""},"yoast_head":"<!-- This site is optimized with the Yoast SEO plugin v21.8 - https:\/\/yoast.com\/wordpress\/plugins\/seo\/ -->\n<title>Mentions L\u00e9gales - Manon Arnaud<\/title>\n<meta name=\"robots\" content=\"index, follow, max-snippet:-1, max-image-preview:large, max-video-preview:-1\" \/>\n<link rel=\"canonical\" href=\"https:\/\/marnaud-avocat.fr\/index.php\/mentions-legales\/\" \/>\n<meta property=\"og:locale\" content=\"fr_FR\" \/>\n<meta property=\"og:type\" content=\"article\" \/>\n<meta property=\"og:title\" content=\"Mentions L\u00e9gales - Manon Arnaud\" \/>\n<meta property=\"og:description\" content=\"Mentions l\u00e9gales En vigueur au 01\/12\/2023 Conform\u00e9ment aux dispositions des Articles 6-III et 19 de la Loi n\u00b02004-575 du 21 juin 2004 pour la Confiance dans l\u2019\u00e9conomie num\u00e9rique, dite L.C.E.N., il est port\u00e9 \u00e0 la connaissance des utilisateurs et visiteurs, ci-apr\u00e8s l&rsquo; \u00ab\u00a0Utilisateur\u00a0\u00bb, du site , ci-apr\u00e8s le \u00ab\u00a0Site\u00a0\u00bb, les pr\u00e9sentes mentions l\u00e9gales. La connexion [&hellip;]\" \/>\n<meta property=\"og:url\" content=\"https:\/\/marnaud-avocat.fr\/index.php\/mentions-legales\/\" \/>\n<meta property=\"og:site_name\" content=\"Manon Arnaud\" \/>\n<meta property=\"article:modified_time\" content=\"2023-12-01T18:53:00+00:00\" \/>\n<meta property=\"og:image\" content=\"https:\/\/marnaud-avocat.fr\/wp-content\/uploads\/2023\/11\/logo-cinzel-300.png\" \/>\n\t<meta property=\"og:image:width\" content=\"300\" \/>\n\t<meta property=\"og:image:height\" content=\"147\" \/>\n\t<meta property=\"og:image:type\" content=\"image\/png\" \/>\n<meta name=\"twitter:card\" content=\"summary_large_image\" \/>\n<meta name=\"twitter:label1\" content=\"Dur\u00e9e de lecture estim\u00e9e\" \/>\n\t<meta name=\"twitter:data1\" content=\"2 minutes\" \/>\n<script type=\"application\/ld+json\" class=\"yoast-schema-graph\">{\"@context\":\"https:\/\/schema.org\",\"@graph\":[{\"@type\":\"WebPage\",\"@id\":\"https:\/\/marnaud-avocat.fr\/index.php\/mentions-legales\/\",\"url\":\"https:\/\/marnaud-avocat.fr\/index.php\/mentions-legales\/\",\"name\":\"Mentions L\u00e9gales - Manon Arnaud\",\"isPartOf\":{\"@id\":\"https:\/\/marnaud-avocat.fr\/#website\"},\"datePublished\":\"2023-11-17T19:35:03+00:00\",\"dateModified\":\"2023-12-01T18:53:00+00:00\",\"breadcrumb\":{\"@id\":\"https:\/\/marnaud-avocat.fr\/index.php\/mentions-legales\/#breadcrumb\"},\"inLanguage\":\"fr-FR\",\"potentialAction\":[{\"@type\":\"ReadAction\",\"target\":[\"https:\/\/marnaud-avocat.fr\/index.php\/mentions-legales\/\"]}]},{\"@type\":\"BreadcrumbList\",\"@id\":\"https:\/\/marnaud-avocat.fr\/index.php\/mentions-legales\/#breadcrumb\",\"itemListElement\":[{\"@type\":\"ListItem\",\"position\":1,\"name\":\"Accueil\",\"item\":\"https:\/\/marnaud-avocat.fr\/\"},{\"@type\":\"ListItem\",\"position\":2,\"name\":\"Mentions L\u00e9gales\"}]},{\"@type\":\"WebSite\",\"@id\":\"https:\/\/marnaud-avocat.fr\/#website\",\"url\":\"https:\/\/marnaud-avocat.fr\/\",\"name\":\"marnaud-avocat.fr\",\"description\":\"Avocate au barreau de Montpellier\",\"publisher\":{\"@id\":\"https:\/\/marnaud-avocat.fr\/#\/schema\/person\/a66ec8ef8078573972fde13cfda3fd22\"},\"potentialAction\":[{\"@type\":\"SearchAction\",\"target\":{\"@type\":\"EntryPoint\",\"urlTemplate\":\"https:\/\/marnaud-avocat.fr\/?s={search_term_string}\"},\"query-input\":\"required name=search_term_string\"}],\"inLanguage\":\"fr-FR\"},{\"@type\":[\"Person\",\"Organization\"],\"@id\":\"https:\/\/marnaud-avocat.fr\/#\/schema\/person\/a66ec8ef8078573972fde13cfda3fd22\",\"name\":\"marnaud\",\"image\":{\"@type\":\"ImageObject\",\"inLanguage\":\"fr-FR\",\"@id\":\"https:\/\/marnaud-avocat.fr\/#\/schema\/person\/image\/\",\"url\":\"https:\/\/marnaud-avocat.fr\/wp-content\/uploads\/2023\/11\/logo-cinzel-300.png\",\"contentUrl\":\"https:\/\/marnaud-avocat.fr\/wp-content\/uploads\/2023\/11\/logo-cinzel-300.png\",\"width\":300,\"height\":147,\"caption\":\"marnaud\"},\"logo\":{\"@id\":\"https:\/\/marnaud-avocat.fr\/#\/schema\/person\/image\/\"},\"sameAs\":[\"http:\/\/marnaud-avocat.fr\"]}]}<\/script>\n<!-- \/ Yoast SEO plugin. -->","yoast_head_json":{"title":"Mentions L\u00e9gales - Manon Arnaud","robots":{"index":"index","follow":"follow","max-snippet":"max-snippet:-1","max-image-preview":"max-image-preview:large","max-video-preview":"max-video-preview:-1"},"canonical":"https:\/\/marnaud-avocat.fr\/index.php\/mentions-legales\/","og_locale":"fr_FR","og_type":"article","og_title":"Mentions L\u00e9gales - Manon Arnaud","og_description":"Mentions l\u00e9gales En vigueur au 01\/12\/2023 Conform\u00e9ment aux dispositions des Articles 6-III et 19 de la Loi n\u00b02004-575 du 21 juin 2004 pour la Confiance dans l\u2019\u00e9conomie num\u00e9rique, dite L.C.E.N., il est port\u00e9 \u00e0 la connaissance des utilisateurs et visiteurs, ci-apr\u00e8s l&rsquo; \u00ab\u00a0Utilisateur\u00a0\u00bb, du site , ci-apr\u00e8s le \u00ab\u00a0Site\u00a0\u00bb, les pr\u00e9sentes mentions l\u00e9gales. La connexion [&hellip;]","og_url":"https:\/\/marnaud-avocat.fr\/index.php\/mentions-legales\/","og_site_name":"Manon Arnaud","article_modified_time":"2023-12-01T18:53:00+00:00","og_image":[{"width":300,"height":147,"url":"https:\/\/marnaud-avocat.fr\/wp-content\/uploads\/2023\/11\/logo-cinzel-300.png","type":"image\/png"}],"twitter_card":"summary_large_image","twitter_misc":{"Dur\u00e9e de lecture estim\u00e9e":"2 minutes"},"schema":{"@context":"https:\/\/schema.org","@graph":[{"@type":"WebPage","@id":"https:\/\/marnaud-avocat.fr\/index.php\/mentions-legales\/","url":"https:\/\/marnaud-avocat.fr\/index.php\/mentions-legales\/","name":"Mentions L\u00e9gales - Manon Arnaud","isPartOf":{"@id":"https:\/\/marnaud-avocat.fr\/#website"},"datePublished":"2023-11-17T19:35:03+00:00","dateModified":"2023-12-01T18:53:00+00:00","breadcrumb":{"@id":"https:\/\/marnaud-avocat.fr\/index.php\/mentions-legales\/#breadcrumb"},"inLanguage":"fr-FR","potentialAction":[{"@type":"ReadAction","target":["https:\/\/marnaud-avocat.fr\/index.php\/mentions-legales\/"]}]},{"@type":"BreadcrumbList","@id":"https:\/\/marnaud-avocat.fr\/index.php\/mentions-legales\/#breadcrumb","itemListElement":[{"@type":"ListItem","position":1,"name":"Accueil","item":"https:\/\/marnaud-avocat.fr\/"},{"@type":"ListItem","position":2,"name":"Mentions L\u00e9gales"}]},{"@type":"WebSite","@id":"https:\/\/marnaud-avocat.fr\/#website","url":"https:\/\/marnaud-avocat.fr\/","name":"marnaud-avocat.fr","description":"Avocate au barreau de Montpellier","publisher":{"@id":"https:\/\/marnaud-avocat.fr\/#\/schema\/person\/a66ec8ef8078573972fde13cfda3fd22"},"potentialAction":[{"@type":"SearchAction","target":{"@type":"EntryPoint","urlTemplate":"https:\/\/marnaud-avocat.fr\/?s={search_term_string}"},"query-input":"required name=search_term_string"}],"inLanguage":"fr-FR"},{"@type":["Person","Organization"],"@id":"https:\/\/marnaud-avocat.fr\/#\/schema\/person\/a66ec8ef8078573972fde13cfda3fd22","name":"marnaud","image":{"@type":"ImageObject","inLanguage":"fr-FR","@id":"https:\/\/marnaud-avocat.fr\/#\/schema\/person\/image\/","url":"https:\/\/marnaud-avocat.fr\/wp-content\/uploads\/2023\/11\/logo-cinzel-300.png","contentUrl":"https:\/\/marnaud-avocat.fr\/wp-content\/uploads\/2023\/11\/logo-cinzel-300.png","width":300,"height":147,"caption":"marnaud"},"logo":{"@id":"https:\/\/marnaud-avocat.fr\/#\/schema\/person\/image\/"},"sameAs":["http:\/\/marnaud-avocat.fr"]}]}},"_links":{"self":[{"href":"https:\/\/marnaud-avocat.fr\/index.php\/wp-json\/wp\/v2\/pages\/1112"}],"collection":[{"href":"https:\/\/marnaud-avocat.fr\/index.php\/wp-json\/wp\/v2\/pages"}],"about":[{"href":"https:\/\/marnaud-avocat.fr\/index.php\/wp-json\/wp\/v2\/types\/page"}],"author":[{"embeddable":true,"href":"https:\/\/marnaud-avocat.fr\/index.php\/wp-json\/wp\/v2\/users\/2"}],"replies":[{"embeddable":true,"href":"https:\/\/marnaud-avocat.fr\/index.php\/wp-json\/wp\/v2\/comments?post=1112"}],"version-history":[{"count":70,"href":"https:\/\/marnaud-avocat.fr\/index.php\/wp-json\/wp\/v2\/pages\/1112\/revisions"}],"predecessor-version":[{"id":4431,"href":"https:\/\/marnaud-avocat.fr\/index.php\/wp-json\/wp\/v2\/pages\/1112\/revisions\/4431"}],"wp:attachment":[{"href":"https:\/\/marnaud-avocat.fr\/index.php\/wp-json\/wp\/v2\/media?parent=1112"}],"curies":[{"name":"wp","href":"https:\/\/api.w.org\/{rel}","templated":true}]}}